{"id":3477,"date":"2016-03-04T10:50:30","date_gmt":"2016-03-04T15:50:30","guid":{"rendered":"http:\/\/sbsa.ca\/fr\/news\/"},"modified":"2019-06-13T12:33:25","modified_gmt":"2019-06-13T16:33:25","slug":"news","status":"publish","type":"page","link":"https:\/\/sbsa.ca\/fr\/news\/","title":{"rendered":"Nouvelles"},"content":{"rendered":"<div id=\"pl-3477\"  class=\"panel-layout\" ><div id=\"pg-3477-0\"  class=\"panel-grid panel-has-style\"  style=\"margin-bottom: 30px\" ><div class=\"siteorigin-panels-stretch kt-panel-row-stretch panel-widget-style panel-row-style panel-row-style-for-3477-0\" style=\"padding: 75px 0px 30px 0px;visibility: hidden;\" data-stretch-type=\"full\" ><div id=\"pgc-3477-0-0\"  class=\"panel-grid-cell\" ><div id=\"panel-3477-0-0-0\" class=\"so-panel widget widget_sow-editor panel-first-child\" data-index=\"0\" style=\"margin-bottom: 30px\" ><div\n\t\t\t\n\t\t\tclass=\"so-widget-sow-editor so-widget-sow-editor-base\"\n\t\t\t\n\t\t>\n<div class=\"siteorigin-widget-tinymce textwidget\">\n\t<h3 class=\"widget-title\"><a href=\"\/news\/\"><span style=\"color: #424242;\">Nouvelles<\/span><\/a><\/h3>\n<h4 style=\"text-align: center;\"><span style=\"color: #424242;\">Restez \u00e0 jour avec toutes les derni\u00e8res nouvelles sur nos projets.<\/span><\/h4><\/div>\n<\/div><\/div>\n\n          <div id=\"panel-3477-0-0-1\" class=\"so-panel widget widget_kadence_carousel_widget Kadence_carousel_widget panel-last-child\" data-index=\"1\" >\t<div class=\"carousel_outerrim kad-animation\" data-animation=\"fade-in\" data-delay=\"0\">\n\t\t<div class=\"home-margin carousel_outerrim_load fredcarousel\">\n\t\t\t<div id=\"carouselcontainer-24\" class=\"rowtight  fadein-carousel\">\n\t\t\t\t<div id=\"carousel-24\" class=\"clearfix kad_shop_default blog_carousel initcaroufedsel caroufedselclass products\" data-carousel-container=\"#carouselcontainer-24\" data-carousel-transition=\"300\" data-carousel-scroll=\"1\" data-carousel-auto=\"true\" data-carousel-speed=\"9000\" data-carousel-id=\"24\" data-carousel-sxl=\"4\" data-carousel-xl=\"4\" data-carousel-md=\"4\" data-carousel-sm=\"3\" data-carousel-xs=\"2\" data-carousel-ss=\"1\">\n\t\t\t\t\t\t\t\t\t\t\t\t<div class=\"tcol-md-3 tcol-sm-4 tcol-xs-6 tcol-ss-12 b_item kad_blog_item\">\n\t\t\t\t\t\t\t\t\t        <div id=\"post-6259\" class=\"blog_item postclass grid_item\">\n                                                  <div class=\"imghoverclass img-margin-center\">\n                                    <a href=\"https:\/\/sbsa.ca\/fr\/hotel-lambert-remporte-deux-certifications-or-aux-grands-prix-du-design\/\" title=\"H\u00f4tel Lambert remporte deux certifications Or aux GRANDS PRIX DU DESIGN\">\n                                      <img decoding=\"async\" src=\"https:\/\/sbsa.ca\/wp-content\/uploads\/05-rue-notre-dame-vue-aerienne-contexte-de-l-intervention-credit-photo-david-boyer-340x226.jpg\" alt=\"H\u00f4tel Lambert remporte deux certifications Or aux GRANDS PRIX DU DESIGN\" width=\"340\" height=\"226\" srcset=\"https:\/\/sbsa.ca\/wp-content\/uploads\/05-rue-notre-dame-vue-aerienne-contexte-de-l-intervention-credit-photo-david-boyer-272x182.jpg 272w, https:\/\/sbsa.ca\/wp-content\/uploads\/05-rue-notre-dame-vue-aerienne-contexte-de-l-intervention-credit-photo-david-boyer-340x226.jpg 340w, https:\/\/sbsa.ca\/wp-content\/uploads\/05-rue-notre-dame-vue-aerienne-contexte-de-l-intervention-credit-photo-david-boyer-680x452.jpg 680w\" sizes=\"(max-width: 340px) 100vw, 340px\" class=\"iconhover\" style=\"display:block;\">\n                                    <\/a> \n                                  <\/div>\n                                                    <div class=\"postcontent\">\n                          <header>\n                              <a href=\"https:\/\/sbsa.ca\/fr\/hotel-lambert-remporte-deux-certifications-or-aux-grands-prix-du-design\/\"><h5 class=\"entry-title\">H\u00f4tel Lambert remporte deux certifications Or aux GRANDS PRIX DU DESIGN <\/h5><\/a>\n                               <div class=\"subhead\">\n\t    <span class=\"postauthortop author vcard\">\n    de <span><a href=\"https:\/\/sbsa.ca\/fr\/author\/sbsamarketing\/\" class=\"fn\" rel=\"author\">sbsamarketing<\/a><\/span>\n    <\/span><span class=\"updated postdate\">on <span class=\"postday\">7 octobre 2025<\/span><\/span>\n    <span class=\"postcommentscount\">    with <a href=\"https:\/\/sbsa.ca\/fr\/hotel-lambert-remporte-deux-certifications-or-aux-grands-prix-du-design\/#post_comments\">Pas de commentaire<\/a>\n    <\/span>\n    <\/div>\n                          <\/header>\n                          <div class=\"entry-content color_body\">\n                                                                    \t<p>Ruccolo + Faubert Architectes est fier d\u2019annoncer que le projet H\u00f4tel Lambert a obtenu une... <a href=\"https:\/\/sbsa.ca\/fr\/hotel-lambert-remporte-deux-certifications-or-aux-grands-prix-du-design\/\">Lire la suite<\/a><\/p>\n                                   \n                              <\/div>\n                          <footer class=\"clearfix\">\n                          <\/footer>\n                        <\/div><!-- Text size -->\n              <\/div> <!-- Blog Item -->\t\t\t\t\t\t\t\t<\/div>\n\t\t\t\t\t\t\t\t\t\t\t\t\t\t<div class=\"tcol-md-3 tcol-sm-4 tcol-xs-6 tcol-ss-12 b_item kad_blog_item\">\n\t\t\t\t\t\t\t\t\t        <div id=\"post-6224\" class=\"blog_item postclass grid_item\">\n                                                  <div class=\"imghoverclass img-margin-center\">\n                                    <a href=\"https:\/\/sbsa.ca\/fr\/etablissement-de-la-macaza-finaliste-dans-deux-categories-aux-grands-prix-du-design\/\" title=\"\u00c9tablissement de La Macaza \u2013 Finaliste dans deux cat\u00e9gories aux Grands Prix du Design\">\n                                      <img decoding=\"async\" src=\"https:\/\/sbsa.ca\/wp-content\/uploads\/RBIC_IBIC-340x226.jpeg\" alt=\"\u00c9tablissement de La Macaza \u2013 Finaliste dans deux cat\u00e9gories aux Grands Prix du Design\" width=\"340\" height=\"226\" srcset=\"https:\/\/sbsa.ca\/wp-content\/uploads\/RBIC_IBIC-272x182.jpeg 272w, https:\/\/sbsa.ca\/wp-content\/uploads\/RBIC_IBIC-340x226.jpeg 340w, https:\/\/sbsa.ca\/wp-content\/uploads\/RBIC_IBIC-680x452.jpeg 680w\" sizes=\"(max-width: 340px) 100vw, 340px\" class=\"iconhover\" style=\"display:block;\">\n                                    <\/a> \n                                  <\/div>\n                                                    <div class=\"postcontent\">\n                          <header>\n                              <a href=\"https:\/\/sbsa.ca\/fr\/etablissement-de-la-macaza-finaliste-dans-deux-categories-aux-grands-prix-du-design\/\"><h5 class=\"entry-title\">\u00c9tablissement de La Macaza \u2013 Finaliste dans deux cat\u00e9gories aux Grands Prix du Design <\/h5><\/a>\n                               <div class=\"subhead\">\n\t    <span class=\"postauthortop author vcard\">\n    de <span><a href=\"https:\/\/sbsa.ca\/fr\/author\/sbsamarketing\/\" class=\"fn\" rel=\"author\">sbsamarketing<\/a><\/span>\n    <\/span><span class=\"updated postdate\">on <span class=\"postday\">3 octobre 2023<\/span><\/span>\n    <span class=\"postcommentscount\">    with <a href=\"https:\/\/sbsa.ca\/fr\/etablissement-de-la-macaza-finaliste-dans-deux-categories-aux-grands-prix-du-design\/#post_comments\">Pas de commentaire<\/a>\n    <\/span>\n    <\/div>\n                          <\/header>\n                          <div class=\"entry-content color_body\">\n                                                                    \t<p>Nous sommes heureux d\u2019annoncer que le projet \u00c9tablissement de La Macaza a \u00e9t\u00e9 nomin\u00e9 dans... <a href=\"https:\/\/sbsa.ca\/fr\/etablissement-de-la-macaza-finaliste-dans-deux-categories-aux-grands-prix-du-design\/\">Lire la suite<\/a><\/p>\n                                   \n                              <\/div>\n                          <footer class=\"clearfix\">\n                          <\/footer>\n                        <\/div><!-- Text size -->\n              <\/div> <!-- Blog Item -->\t\t\t\t\t\t\t\t<\/div>\n\t\t\t\t\t\t\t\t\t\t\t\t\t\t<div class=\"tcol-md-3 tcol-sm-4 tcol-xs-6 tcol-ss-12 b_item kad_blog_item\">\n\t\t\t\t\t\t\t\t\t        <div id=\"post-6221\" class=\"blog_item postclass grid_item\">\n                                                  <div class=\"imghoverclass img-margin-center\">\n                                    <a href=\"https:\/\/sbsa.ca\/fr\/le-littoral-laureat-or-dans-trois-categories-aux-grands-prix-du-design-2021\/\" title=\"Le Littoral \u2013 Laur\u00e9at Or dans trois cat\u00e9gories aux Grands Prix du Design 2021\">\n                                      <img decoding=\"async\" src=\"https:\/\/sbsa.ca\/wp-content\/uploads\/infopresse-2-340x226.jpg\" alt=\"Le Littoral \u2013 Laur\u00e9at Or dans trois cat\u00e9gories aux Grands Prix du Design 2021\" width=\"340\" height=\"226\" srcset=\"https:\/\/sbsa.ca\/wp-content\/uploads\/infopresse-2-272x182.jpg 272w, https:\/\/sbsa.ca\/wp-content\/uploads\/infopresse-2-340x226.jpg 340w, https:\/\/sbsa.ca\/wp-content\/uploads\/infopresse-2-680x452.jpg 680w\" sizes=\"(max-width: 340px) 100vw, 340px\" class=\"iconhover\" style=\"display:block;\">\n                                    <\/a> \n                                  <\/div>\n                                                    <div class=\"postcontent\">\n                          <header>\n                              <a href=\"https:\/\/sbsa.ca\/fr\/le-littoral-laureat-or-dans-trois-categories-aux-grands-prix-du-design-2021\/\"><h5 class=\"entry-title\">Le Littoral \u2013 Laur\u00e9at Or dans trois cat\u00e9gories aux Grands Prix du Design 2021 <\/h5><\/a>\n                               <div class=\"subhead\">\n\t    <span class=\"postauthortop author vcard\">\n    de <span><a href=\"https:\/\/sbsa.ca\/fr\/author\/sbsamarketing\/\" class=\"fn\" rel=\"author\">sbsamarketing<\/a><\/span>\n    <\/span><span class=\"updated postdate\">on <span class=\"postday\">2 octobre 2021<\/span><\/span>\n    <span class=\"postcommentscount\">    with <a href=\"https:\/\/sbsa.ca\/fr\/le-littoral-laureat-or-dans-trois-categories-aux-grands-prix-du-design-2021\/#post_comments\">Pas de commentaire<\/a>\n    <\/span>\n    <\/div>\n                          <\/header>\n                          <div class=\"entry-content color_body\">\n                                                                    \t<p>Nous sommes fiers d\u2019annoncer que Le Littoral a remport\u00e9 le prix Or dans trois cat\u00e9gories... <a href=\"https:\/\/sbsa.ca\/fr\/le-littoral-laureat-or-dans-trois-categories-aux-grands-prix-du-design-2021\/\">Lire la suite<\/a><\/p>\n                                   \n                              <\/div>\n                          <footer class=\"clearfix\">\n                          <\/footer>\n                        <\/div><!-- Text size -->\n              <\/div> <!-- Blog Item -->\t\t\t\t\t\t\t\t<\/div>\n\t\t\t\t\t\t\t\t\t\t\t\t\t\t<div class=\"tcol-md-3 tcol-sm-4 tcol-xs-6 tcol-ss-12 b_item kad_blog_item\">\n\t\t\t\t\t\t\t\t\t        <div id=\"post-5528\" class=\"blog_item postclass grid_item\">\n                                                  <div class=\"imghoverclass img-margin-center\">\n                                    <a href=\"https:\/\/sbsa.ca\/fr\/laugmentation-des-charges-de-neige-dans-les-projets-de-refection-de-toiture\/\" title=\"L\u2019augmentation des charges de neige dans les projets de r\u00e9fection de toiture\">\n                                      <img decoding=\"async\" src=\"https:\/\/sbsa.ca\/wp-content\/uploads\/Untitled-1-2-340x226.jpg\" alt=\"L\u2019augmentation des charges de neige dans les projets de r\u00e9fection de toiture\" width=\"340\" height=\"226\" srcset=\"https:\/\/sbsa.ca\/wp-content\/uploads\/Untitled-1-2-272x182.jpg 272w, https:\/\/sbsa.ca\/wp-content\/uploads\/Untitled-1-2-340x226.jpg 340w\" sizes=\"(max-width: 340px) 100vw, 340px\" class=\"iconhover\" style=\"display:block;\">\n                                    <\/a> \n                                  <\/div>\n                                                    <div class=\"postcontent\">\n                          <header>\n                              <a href=\"https:\/\/sbsa.ca\/fr\/laugmentation-des-charges-de-neige-dans-les-projets-de-refection-de-toiture\/\"><h5 class=\"entry-title\">L\u2019augmentation des charges de neige dans les projets de r\u00e9fection de toiture <\/h5><\/a>\n                               <div class=\"subhead\">\n\t    <span class=\"postauthortop author vcard\">\n    de <span><a href=\"https:\/\/sbsa.ca\/fr\/author\/admin\/\" class=\"fn\" rel=\"author\">admin<\/a><\/span>\n    <\/span><span class=\"updated postdate\">on <span class=\"postday\">12 f\u00e9vrier 2021<\/span><\/span>\n    <span class=\"postcommentscount\">    with <a href=\"https:\/\/sbsa.ca\/fr\/laugmentation-des-charges-de-neige-dans-les-projets-de-refection-de-toiture\/#post_comments\">Pas de commentaire<\/a>\n    <\/span>\n    <\/div>\n                          <\/header>\n                          <div class=\"entry-content color_body\">\n                                                                    \t<p>Am\u00e9liorer l\u2019isolant r\u00e9duit la fonte de neige et peut engendrer de s\u00e9rieux probl\u00e8mes pour votre... <a href=\"https:\/\/sbsa.ca\/fr\/laugmentation-des-charges-de-neige-dans-les-projets-de-refection-de-toiture\/\">Lire la suite<\/a><\/p>\n                                   \n                              <\/div>\n                          <footer class=\"clearfix\">\n                          <\/footer>\n                        <\/div><!-- Text size -->\n              <\/div> <!-- Blog Item -->\t\t\t\t\t\t\t\t<\/div>\n\t\t\t\t\t\t\t\t\t\t\t\t\t\t<div class=\"tcol-md-3 tcol-sm-4 tcol-xs-6 tcol-ss-12 b_item kad_blog_item\">\n\t\t\t\t\t\t\t\t\t        <div id=\"post-5500\" class=\"blog_item postclass grid_item\">\n                                                  <div class=\"imghoverclass img-margin-center\">\n                                    <a href=\"https:\/\/sbsa.ca\/fr\/sbsa-is-featured-in-the-fall-2020-concordia-magazine\/\" title=\"SBSA figure dans le magazine d&#8217;automne 2020 Concordia!\">\n                                      <img decoding=\"async\" src=\"https:\/\/sbsa.ca\/wp-content\/uploads\/20200124-SBSA-Engineers-3mod-340x226.jpg\" alt=\"SBSA figure dans le magazine d&#8217;automne 2020 Concordia!\" width=\"340\" height=\"226\" srcset=\"https:\/\/sbsa.ca\/wp-content\/uploads\/20200124-SBSA-Engineers-3mod.jpg 2285w, https:\/\/sbsa.ca\/wp-content\/uploads\/20200124-SBSA-Engineers-3mod-300x200.jpg 300w, https:\/\/sbsa.ca\/wp-content\/uploads\/20200124-SBSA-Engineers-3mod-1024x683.jpg 1024w, https:\/\/sbsa.ca\/wp-content\/uploads\/20200124-SBSA-Engineers-3mod-768x512.jpg 768w, https:\/\/sbsa.ca\/wp-content\/uploads\/20200124-SBSA-Engineers-3mod-1536x1024.jpg 1536w, https:\/\/sbsa.ca\/wp-content\/uploads\/20200124-SBSA-Engineers-3mod-2048x1366.jpg 2048w, https:\/\/sbsa.ca\/wp-content\/uploads\/20200124-SBSA-Engineers-3mod-272x182.jpg 272w, https:\/\/sbsa.ca\/wp-content\/uploads\/20200124-SBSA-Engineers-3mod-740x494.jpg 740w, https:\/\/sbsa.ca\/wp-content\/uploads\/20200124-SBSA-Engineers-3mod-370x247.jpg 370w, https:\/\/sbsa.ca\/wp-content\/uploads\/20200124-SBSA-Engineers-3mod-340x226.jpg 340w, https:\/\/sbsa.ca\/wp-content\/uploads\/20200124-SBSA-Engineers-3mod-680x452.jpg 680w\" sizes=\"(max-width: 340px) 100vw, 340px\" class=\"iconhover\" style=\"display:block;\">\n                                    <\/a> \n                                  <\/div>\n                                                    <div class=\"postcontent\">\n                          <header>\n                              <a href=\"https:\/\/sbsa.ca\/fr\/sbsa-is-featured-in-the-fall-2020-concordia-magazine\/\"><h5 class=\"entry-title\">SBSA figure dans le magazine d&#8217;automne 2020 Concordia! <\/h5><\/a>\n                               <div class=\"subhead\">\n\t    <span class=\"postauthortop author vcard\">\n    de <span><a href=\"https:\/\/sbsa.ca\/fr\/author\/admin\/\" class=\"fn\" rel=\"author\">admin<\/a><\/span>\n    <\/span><span class=\"updated postdate\">on <span class=\"postday\">18 octobre 2020<\/span><\/span>\n    <span class=\"postcommentscount\">    with <a href=\"https:\/\/sbsa.ca\/fr\/sbsa-is-featured-in-the-fall-2020-concordia-magazine\/#post_comments\">Pas de commentaire<\/a>\n    <\/span>\n    <\/div>\n                          <\/header>\n                          <div class=\"entry-content color_body\">\n                                                                    \t<p>SBSA figure dans le magazine d'automne 2020 Concordia! \"If you\u2019ve visited the Montreal Forum since... <a href=\"https:\/\/sbsa.ca\/fr\/sbsa-is-featured-in-the-fall-2020-concordia-magazine\/\">Lire la suite<\/a><\/p>\n                                   \n                              <\/div>\n                          <footer class=\"clearfix\">\n                          <\/footer>\n                        <\/div><!-- Text size -->\n              <\/div> <!-- Blog Item -->\t\t\t\t\t\t\t\t<\/div>\n\t\t\t\t\t\t\t\t\t\t\t\t\t\t<div class=\"tcol-md-3 tcol-sm-4 tcol-xs-6 tcol-ss-12 b_item kad_blog_item\">\n\t\t\t\t\t\t\t\t\t        <div id=\"post-5482\" class=\"blog_item postclass grid_item\">\n                                                  <div class=\"imghoverclass img-margin-center\">\n                                    <a href=\"https:\/\/sbsa.ca\/fr\/vita-condominiums-construction\/\" title=\"Mis \u00e0 jour au sujet des Condominiums Vita\">\n                                      <img decoding=\"async\" src=\"https:\/\/sbsa.ca\/wp-content\/uploads\/Vita-construction-1-340x226.jpg\" alt=\"Mis \u00e0 jour au sujet des Condominiums Vita\" width=\"340\" height=\"226\"  class=\"iconhover\" style=\"display:block;\">\n                                    <\/a> \n                                  <\/div>\n                                                    <div class=\"postcontent\">\n                          <header>\n                              <a href=\"https:\/\/sbsa.ca\/fr\/vita-condominiums-construction\/\"><h5 class=\"entry-title\">Mis \u00e0 jour au sujet des Condominiums Vita <\/h5><\/a>\n                               <div class=\"subhead\">\n\t    <span class=\"postauthortop author vcard\">\n    de <span><a href=\"https:\/\/sbsa.ca\/fr\/author\/admin\/\" class=\"fn\" rel=\"author\">admin<\/a><\/span>\n    <\/span><span class=\"updated postdate\">on <span class=\"postday\">19 juin 2020<\/span><\/span>\n    <span class=\"postcommentscount\">    with <a href=\"https:\/\/sbsa.ca\/fr\/vita-condominiums-construction\/#post_comments\">Pas de commentaire<\/a>\n    <\/span>\n    <\/div>\n                          <\/header>\n                          <div class=\"entry-content color_body\">\n                                                                    \t<p> &nbsp; Le projet Condominiums Vita \u00e0 Saint-Laurent, pour lequel SBSA est responsable des... <a href=\"https:\/\/sbsa.ca\/fr\/vita-condominiums-construction\/\">Lire la suite<\/a><\/p>\n                                   \n                              <\/div>\n                          <footer class=\"clearfix\">\n                          <\/footer>\n                        <\/div><!-- Text size -->\n              <\/div> <!-- Blog Item -->\t\t\t\t\t\t\t\t<\/div>\n\t\t\t\t\t\t\t\t\t\t\t\t\t\t<div class=\"tcol-md-3 tcol-sm-4 tcol-xs-6 tcol-ss-12 b_item kad_blog_item\">\n\t\t\t\t\t\t\t\t\t        <div id=\"post-5456\" class=\"blog_item postclass grid_item\">\n                                                  <div class=\"imghoverclass img-margin-center\">\n                                    <a href=\"https:\/\/sbsa.ca\/fr\/estruxture-data-center-now-complete\/\" title=\"Le centre de donn\u00e9es eStruxture est compl\u00e9t\u00e9\">\n                                      <img decoding=\"async\" src=\"https:\/\/sbsa.ca\/wp-content\/uploads\/Annotation-2020-05-06-164914-340x226.png\" alt=\"Le centre de donn\u00e9es eStruxture est compl\u00e9t\u00e9\" width=\"340\" height=\"226\" srcset=\"https:\/\/sbsa.ca\/wp-content\/uploads\/Annotation-2020-05-06-164914-272x182.png 272w, https:\/\/sbsa.ca\/wp-content\/uploads\/Annotation-2020-05-06-164914-340x226.png 340w, https:\/\/sbsa.ca\/wp-content\/uploads\/Annotation-2020-05-06-164914-680x452.png 680w\" sizes=\"(max-width: 340px) 100vw, 340px\" class=\"iconhover\" style=\"display:block;\">\n                                    <\/a> \n                                  <\/div>\n                                                    <div class=\"postcontent\">\n                          <header>\n                              <a href=\"https:\/\/sbsa.ca\/fr\/estruxture-data-center-now-complete\/\"><h5 class=\"entry-title\">Le centre de donn\u00e9es eStruxture est compl\u00e9t\u00e9 <\/h5><\/a>\n                               <div class=\"subhead\">\n\t    <span class=\"postauthortop author vcard\">\n    de <span><a href=\"https:\/\/sbsa.ca\/fr\/author\/admin\/\" class=\"fn\" rel=\"author\">admin<\/a><\/span>\n    <\/span><span class=\"updated postdate\">on <span class=\"postday\">6 mai 2020<\/span><\/span>\n    <span class=\"postcommentscount\">    with <a href=\"https:\/\/sbsa.ca\/fr\/estruxture-data-center-now-complete\/#post_comments\">Pas de commentaire<\/a>\n    <\/span>\n    <\/div>\n                          <\/header>\n                          <div class=\"entry-content color_body\">\n                                                                    \t<p>Notre dernier projet de centre de donn\u00e9es est maintenant compl\u00e9t\u00e9. SBSA Experts-conseils en structure est... <a href=\"https:\/\/sbsa.ca\/fr\/estruxture-data-center-now-complete\/\">Lire la suite<\/a><\/p>\n                                   \n                              <\/div>\n                          <footer class=\"clearfix\">\n                          <\/footer>\n                        <\/div><!-- Text size -->\n              <\/div> <!-- Blog Item -->\t\t\t\t\t\t\t\t<\/div>\n\t\t\t\t\t\t\t\t\t\t\t\t\t\t<div class=\"tcol-md-3 tcol-sm-4 tcol-xs-6 tcol-ss-12 b_item kad_blog_item\">\n\t\t\t\t\t\t\t\t\t        <div id=\"post-5344\" class=\"blog_item postclass grid_item\">\n                                                  <div class=\"imghoverclass img-margin-center\">\n                                    <a href=\"https:\/\/sbsa.ca\/fr\/percy-robertson-condominiums-in-the-news\/\" title=\"LES CONDOMINIUMS PERCY ROBERTSON DANS LES NOUVELLES\">\n                                      <img decoding=\"async\" src=\"https:\/\/sbsa.ca\/wp-content\/uploads\/Percy-Robertson-1-340x226.jpg\" alt=\"LES CONDOMINIUMS PERCY ROBERTSON DANS LES NOUVELLES\" width=\"340\" height=\"226\" srcset=\"https:\/\/sbsa.ca\/wp-content\/uploads\/Percy-Robertson-1-272x182.jpg 272w, https:\/\/sbsa.ca\/wp-content\/uploads\/Percy-Robertson-1-340x226.jpg 340w, https:\/\/sbsa.ca\/wp-content\/uploads\/Percy-Robertson-1-680x452.jpg 680w\" sizes=\"(max-width: 340px) 100vw, 340px\" class=\"iconhover\" style=\"display:block;\">\n                                    <\/a> \n                                  <\/div>\n                                                    <div class=\"postcontent\">\n                          <header>\n                              <a href=\"https:\/\/sbsa.ca\/fr\/percy-robertson-condominiums-in-the-news\/\"><h5 class=\"entry-title\">LES CONDOMINIUMS PERCY ROBERTSON DANS LES NOUVELLES <\/h5><\/a>\n                               <div class=\"subhead\">\n\t    <span class=\"postauthortop author vcard\">\n    de <span><a href=\"https:\/\/sbsa.ca\/fr\/author\/admin\/\" class=\"fn\" rel=\"author\">admin<\/a><\/span>\n    <\/span><span class=\"updated postdate\">on <span class=\"postday\">6 novembre 2019<\/span><\/span>\n    <span class=\"postcommentscount\">    with <a href=\"https:\/\/sbsa.ca\/fr\/percy-robertson-condominiums-in-the-news\/#post_comments\">Pas de commentaire<\/a>\n    <\/span>\n    <\/div>\n                          <\/header>\n                          <div class=\"entry-content color_body\">\n                                                                    \t<p>Les condominiums Percy Robertson ont \u00e9t\u00e9 pr\u00e9sent\u00e9 dans la Gazette de Montr\u00e9al: Cranes and orange... <a href=\"https:\/\/sbsa.ca\/fr\/percy-robertson-condominiums-in-the-news\/\">Lire la suite<\/a><\/p>\n                                   \n                              <\/div>\n                          <footer class=\"clearfix\">\n                          <\/footer>\n                        <\/div><!-- Text size -->\n              <\/div> <!-- Blog Item -->\t\t\t\t\t\t\t\t<\/div>\n\t\t\t\t\t\t\t\t\t\t\t\t\t\t<div class=\"tcol-md-3 tcol-sm-4 tcol-xs-6 tcol-ss-12 b_item kad_blog_item\">\n\t\t\t\t\t\t\t\t\t        <div id=\"post-5090\" class=\"blog_item postclass grid_item\">\n                                                  <div class=\"imghoverclass img-margin-center\">\n                                    <a href=\"https:\/\/sbsa.ca\/fr\/dutch-koers-student-association-visits-sbsa\/\" title=\"L&#8217;association des \u00e9tudiants n\u00e9erlandais KOers visite SBSA\">\n                                      <img decoding=\"async\" src=\"https:\/\/sbsa.ca\/wp-content\/uploads\/KOers-group-photo-3-340x226.jpg\" alt=\"L&#8217;association des \u00e9tudiants n\u00e9erlandais KOers visite SBSA\" width=\"340\" height=\"226\" srcset=\"https:\/\/sbsa.ca\/wp-content\/uploads\/KOers-group-photo-3-272x182.jpg 272w, https:\/\/sbsa.ca\/wp-content\/uploads\/KOers-group-photo-3-340x226.jpg 340w, https:\/\/sbsa.ca\/wp-content\/uploads\/KOers-group-photo-3-680x452.jpg 680w\" sizes=\"(max-width: 340px) 100vw, 340px\" class=\"iconhover\" style=\"display:block;\">\n                                    <\/a> \n                                  <\/div>\n                                                    <div class=\"postcontent\">\n                          <header>\n                              <a href=\"https:\/\/sbsa.ca\/fr\/dutch-koers-student-association-visits-sbsa\/\"><h5 class=\"entry-title\">L&#8217;association des \u00e9tudiants n\u00e9erlandais KOers visite SBSA <\/h5><\/a>\n                               <div class=\"subhead\">\n\t    <span class=\"postauthortop author vcard\">\n    de <span><a href=\"https:\/\/sbsa.ca\/fr\/author\/admin\/\" class=\"fn\" rel=\"author\">admin<\/a><\/span>\n    <\/span><span class=\"updated postdate\">on <span class=\"postday\">12 juillet 2019<\/span><\/span>\n    <span class=\"postcommentscount\">    with <a href=\"https:\/\/sbsa.ca\/fr\/dutch-koers-student-association-visits-sbsa\/#post_comments\">Pas de commentaire<\/a>\n    <\/span>\n    <\/div>\n                          <\/header>\n                          <div class=\"entry-content color_body\">\n                                                                    \t<p> &nbsp; C\u2019\u00e9tait un plaisir pour SBSA de recevoir les \u00e9tudiants n\u00e9erlandais \u00e0 notre... <a href=\"https:\/\/sbsa.ca\/fr\/dutch-koers-student-association-visits-sbsa\/\">Lire la suite<\/a><\/p>\n                                   \n                              <\/div>\n                          <footer class=\"clearfix\">\n                          <\/footer>\n                        <\/div><!-- Text size -->\n              <\/div> <!-- Blog Item -->\t\t\t\t\t\t\t\t<\/div>\n\t\t\t\t\t\t\t\t\t\t\t\t\t\t<div class=\"tcol-md-3 tcol-sm-4 tcol-xs-6 tcol-ss-12 b_item kad_blog_item\">\n\t\t\t\t\t\t\t\t\t        <div id=\"post-4941\" class=\"blog_item postclass grid_item\">\n                                                  <div class=\"imghoverclass img-margin-center\">\n                                    <a href=\"https:\/\/sbsa.ca\/fr\/les-appartements-bellevue-en-construction\/\" title=\"Les Appartements Bellevue en construction\">\n                                      <img decoding=\"async\" src=\"https:\/\/sbsa.ca\/wp-content\/uploads\/Bellevue-Apartments-1-340x226.jpeg\" alt=\"Les Appartements Bellevue en construction\" width=\"340\" height=\"226\" srcset=\"https:\/\/sbsa.ca\/wp-content\/uploads\/Bellevue-Apartments-1-272x182.jpeg 272w, https:\/\/sbsa.ca\/wp-content\/uploads\/Bellevue-Apartments-1-340x226.jpeg 340w, https:\/\/sbsa.ca\/wp-content\/uploads\/Bellevue-Apartments-1-680x452.jpeg 680w\" sizes=\"(max-width: 340px) 100vw, 340px\" class=\"iconhover\" style=\"display:block;\">\n                                    <\/a> \n                                  <\/div>\n                                                    <div class=\"postcontent\">\n                          <header>\n                              <a href=\"https:\/\/sbsa.ca\/fr\/les-appartements-bellevue-en-construction\/\"><h5 class=\"entry-title\">Les Appartements Bellevue en construction <\/h5><\/a>\n                               <div class=\"subhead\">\n\t    <span class=\"postauthortop author vcard\">\n    de <span><a href=\"https:\/\/sbsa.ca\/fr\/author\/admin\/\" class=\"fn\" rel=\"author\">admin<\/a><\/span>\n    <\/span><span class=\"updated postdate\">on <span class=\"postday\">4 juillet 2019<\/span><\/span>\n    <span class=\"postcommentscount\">    with <a href=\"https:\/\/sbsa.ca\/fr\/les-appartements-bellevue-en-construction\/#post_comments\">Pas de commentaire<\/a>\n    <\/span>\n    <\/div>\n                          <\/header>\n                          <div class=\"entry-content color_body\">\n                                                                    \t<p> &nbsp; Le projet les Appartements Bellevue a atteint son sommet pour la phase... <a href=\"https:\/\/sbsa.ca\/fr\/les-appartements-bellevue-en-construction\/\">Lire la suite<\/a><\/p>\n                                   \n                              <\/div>\n                          <footer class=\"clearfix\">\n                          <\/footer>\n                        <\/div><!-- Text size -->\n              <\/div> <!-- Blog Item -->\t\t\t\t\t\t\t\t<\/div>\n\t\t\t\t\t\t\t\t\t\t\t\t\t\t<div class=\"tcol-md-3 tcol-sm-4 tcol-xs-6 tcol-ss-12 b_item kad_blog_item\">\n\t\t\t\t\t\t\t\t\t        <div id=\"post-4488\" class=\"blog_item postclass grid_item\">\n                                                  <div class=\"imghoverclass img-margin-center\">\n                                    <a href=\"https:\/\/sbsa.ca\/fr\/3d-laser-scanning\/\" title=\"Scan 3D\">\n                                      <img decoding=\"async\" src=\"https:\/\/sbsa.ca\/wp-content\/uploads\/Delmar-3D-model-and-Cloud-340x226.jpg\" alt=\"Scan 3D\" width=\"340\" height=\"226\" srcset=\"https:\/\/sbsa.ca\/wp-content\/uploads\/Delmar-3D-model-and-Cloud-272x182.jpg 272w, https:\/\/sbsa.ca\/wp-content\/uploads\/Delmar-3D-model-and-Cloud-340x226.jpg 340w, https:\/\/sbsa.ca\/wp-content\/uploads\/Delmar-3D-model-and-Cloud-680x452.jpg 680w\" sizes=\"(max-width: 340px) 100vw, 340px\" class=\"iconhover\" style=\"display:block;\">\n                                    <\/a> \n                                  <\/div>\n                                                    <div class=\"postcontent\">\n                          <header>\n                              <a href=\"https:\/\/sbsa.ca\/fr\/3d-laser-scanning\/\"><h5 class=\"entry-title\">Scan 3D <\/h5><\/a>\n                               <div class=\"subhead\">\n\t    <span class=\"postauthortop author vcard\">\n    de <span><a href=\"https:\/\/sbsa.ca\/fr\/author\/admin\/\" class=\"fn\" rel=\"author\">admin<\/a><\/span>\n    <\/span><span class=\"updated postdate\">on <span class=\"postday\">10 juin 2019<\/span><\/span>\n    <span class=\"postcommentscount\">    with <a href=\"https:\/\/sbsa.ca\/fr\/3d-laser-scanning\/#post_comments\">Pas de commentaire<\/a>\n    <\/span>\n    <\/div>\n                          <\/header>\n                          <div class=\"entry-content color_body\">\n                                                                    \t<p> \u00a0 Les projets de construction impliquant des modifications, des agrandissements et des r\u00e9novations... <a href=\"https:\/\/sbsa.ca\/fr\/3d-laser-scanning\/\">Lire la suite<\/a><\/p>\n                                   \n                              <\/div>\n                          <footer class=\"clearfix\">\n                          <\/footer>\n                        <\/div><!-- Text size -->\n              <\/div> <!-- Blog Item -->\t\t\t\t\t\t\t\t<\/div>\n\t\t\t\t\t\t\t\t\t\t\t\t\t\t<div class=\"tcol-md-3 tcol-sm-4 tcol-xs-6 tcol-ss-12 b_item kad_blog_item\">\n\t\t\t\t\t\t\t\t\t        <div id=\"post-4481\" class=\"blog_item postclass grid_item\">\n                                                  <div class=\"imghoverclass img-margin-center\">\n                                    <a href=\"https:\/\/sbsa.ca\/fr\/vsl-condominiums-in-construction\/\" title=\"VSL Condominiums en construction\">\n                                      <img decoding=\"async\" src=\"https:\/\/sbsa.ca\/wp-content\/uploads\/front-340x226.jpg\" alt=\"VSL Condominiums en construction\" width=\"340\" height=\"226\" srcset=\"https:\/\/sbsa.ca\/wp-content\/uploads\/front-272x182.jpg 272w, https:\/\/sbsa.ca\/wp-content\/uploads\/front-340x226.jpg 340w, https:\/\/sbsa.ca\/wp-content\/uploads\/front-680x452.jpg 680w\" sizes=\"(max-width: 340px) 100vw, 340px\" class=\"iconhover\" style=\"display:block;\">\n                                    <\/a> \n                                  <\/div>\n                                                    <div class=\"postcontent\">\n                          <header>\n                              <a href=\"https:\/\/sbsa.ca\/fr\/vsl-condominiums-in-construction\/\"><h5 class=\"entry-title\">VSL Condominiums en construction <\/h5><\/a>\n                               <div class=\"subhead\">\n\t    <span class=\"postauthortop author vcard\">\n    de <span><a href=\"https:\/\/sbsa.ca\/fr\/author\/admin\/\" class=\"fn\" rel=\"author\">admin<\/a><\/span>\n    <\/span><span class=\"updated postdate\">on <span class=\"postday\">7 juin 2019<\/span><\/span>\n    <span class=\"postcommentscount\">    with <a href=\"https:\/\/sbsa.ca\/fr\/vsl-condominiums-in-construction\/#post_comments\">Pas de commentaire<\/a>\n    <\/span>\n    <\/div>\n                          <\/header>\n                          <div class=\"entry-content color_body\">\n                                                                    \t<p>Les condominiums VSL \u00e0 St-Laurent, pour lequel SBSA fournit des services complets d'ing\u00e9nierie structurale, est... <a href=\"https:\/\/sbsa.ca\/fr\/vsl-condominiums-in-construction\/\">Lire la suite<\/a><\/p>\n                                   \n                              <\/div>\n                          <footer class=\"clearfix\">\n                          <\/footer>\n                        <\/div><!-- Text size -->\n              <\/div> <!-- Blog Item -->\t\t\t\t\t\t\t\t<\/div>\n\t\t\t\t\t\t\t\t\t\t\t\t\t\t<div class=\"tcol-md-3 tcol-sm-4 tcol-xs-6 tcol-ss-12 b_item kad_blog_item\">\n\t\t\t\t\t\t\t\t\t        <div id=\"post-4399\" class=\"blog_item postclass grid_item\">\n                                                  <div class=\"imghoverclass img-margin-center\">\n                                    <a href=\"https:\/\/sbsa.ca\/fr\/aspects-structurels-de-la-norme-maison-passive\/\" title=\"Aspects structurels de la norme Maison Passive\">\n                                      <img decoding=\"async\" src=\"https:\/\/sbsa.ca\/wp-content\/uploads\/Passive-house-1-340x226.jpg\" alt=\"Aspects structurels de la norme Maison Passive\" width=\"340\" height=\"226\" srcset=\"https:\/\/sbsa.ca\/wp-content\/uploads\/Passive-house-1-272x182.jpg 272w, https:\/\/sbsa.ca\/wp-content\/uploads\/Passive-house-1-340x226.jpg 340w\" sizes=\"(max-width: 340px) 100vw, 340px\" class=\"iconhover\" style=\"display:block;\">\n                                    <\/a> \n                                  <\/div>\n                                                    <div class=\"postcontent\">\n                          <header>\n                              <a href=\"https:\/\/sbsa.ca\/fr\/aspects-structurels-de-la-norme-maison-passive\/\"><h5 class=\"entry-title\">Aspects structurels de la norme Maison Passive <\/h5><\/a>\n                               <div class=\"subhead\">\n\t    <span class=\"postauthortop author vcard\">\n    de <span><a href=\"https:\/\/sbsa.ca\/fr\/author\/admin\/\" class=\"fn\" rel=\"author\">admin<\/a><\/span>\n    <\/span><span class=\"updated postdate\">on <span class=\"postday\">24 mai 2019<\/span><\/span>\n    <span class=\"postcommentscount\">    with <a href=\"https:\/\/sbsa.ca\/fr\/aspects-structurels-de-la-norme-maison-passive\/#post_comments\">Pas de commentaire<\/a>\n    <\/span>\n    <\/div>\n                          <\/header>\n                          <div class=\"entry-content color_body\">\n                                                                    \t<p>Source: Wikimedia Commons La norme Maison Passive cherche \u00e0 r\u00e9duire la consommation \u00e9nerg\u00e9tique de b\u00e2timents... <a href=\"https:\/\/sbsa.ca\/fr\/aspects-structurels-de-la-norme-maison-passive\/\">Lire la suite<\/a><\/p>\n                                   \n                              <\/div>\n                          <footer class=\"clearfix\">\n                          <\/footer>\n                        <\/div><!-- Text size -->\n              <\/div> <!-- Blog Item -->\t\t\t\t\t\t\t\t<\/div>\n\t\t\t\t\t\t\t\t\t\t\t\t\t\t<div class=\"tcol-md-3 tcol-sm-4 tcol-xs-6 tcol-ss-12 b_item kad_blog_item\">\n\t\t\t\t\t\t\t\t\t        <div id=\"post-4373\" class=\"blog_item postclass grid_item\">\n                                                  <div class=\"imghoverclass img-margin-center\">\n                                    <a href=\"https:\/\/sbsa.ca\/fr\/brunswick-medical-center-in-the-news\/\" title=\"CENTRE M\u00c9DICAL BRUNSWICK DANS LES NOUVELLES\">\n                                      <img decoding=\"async\" src=\"https:\/\/sbsa.ca\/wp-content\/uploads\/IMG_1975-340x226.jpg\" alt=\"CENTRE M\u00c9DICAL BRUNSWICK DANS LES NOUVELLES\" width=\"340\" height=\"226\" srcset=\"https:\/\/sbsa.ca\/wp-content\/uploads\/IMG_1975-272x182.jpg 272w, https:\/\/sbsa.ca\/wp-content\/uploads\/IMG_1975-340x226.jpg 340w, https:\/\/sbsa.ca\/wp-content\/uploads\/IMG_1975-680x452.jpg 680w\" sizes=\"(max-width: 340px) 100vw, 340px\" class=\"iconhover\" style=\"display:block;\">\n                                    <\/a> \n                                  <\/div>\n                                                    <div class=\"postcontent\">\n                          <header>\n                              <a href=\"https:\/\/sbsa.ca\/fr\/brunswick-medical-center-in-the-news\/\"><h5 class=\"entry-title\">CENTRE M\u00c9DICAL BRUNSWICK DANS LES NOUVELLES <\/h5><\/a>\n                               <div class=\"subhead\">\n\t    <span class=\"postauthortop author vcard\">\n    de <span><a href=\"https:\/\/sbsa.ca\/fr\/author\/admin\/\" class=\"fn\" rel=\"author\">admin<\/a><\/span>\n    <\/span><span class=\"updated postdate\">on <span class=\"postday\">13 mai 2019<\/span><\/span>\n    <span class=\"postcommentscount\">    with <a href=\"https:\/\/sbsa.ca\/fr\/brunswick-medical-center-in-the-news\/#post_comments\">Pas de commentaire<\/a>\n    <\/span>\n    <\/div>\n                          <\/header>\n                          <div class=\"entry-content color_body\">\n                                                                    \t<p>Le nouveau Centre M\u00e9dical Brunswick a \u00e9t\u00e9 pr\u00e9sent\u00e9 dans la section des nouvelles locales de... <a href=\"https:\/\/sbsa.ca\/fr\/brunswick-medical-center-in-the-news\/\">Lire la suite<\/a><\/p>\n                                   \n                              <\/div>\n                          <footer class=\"clearfix\">\n                          <\/footer>\n                        <\/div><!-- Text size -->\n              <\/div> <!-- Blog Item -->\t\t\t\t\t\t\t\t<\/div>\n\t\t\t\t\t\t\t\t\t\t\t\t\t\t<div class=\"tcol-md-3 tcol-sm-4 tcol-xs-6 tcol-ss-12 b_item kad_blog_item\">\n\t\t\t\t\t\t\t\t\t        <div id=\"post-4282\" class=\"blog_item postclass grid_item\">\n                                                  <div class=\"imghoverclass img-margin-center\">\n                                    <a href=\"https:\/\/sbsa.ca\/fr\/5-ways-to-obtain-leed-points-from-your-structural-engineer\/\" title=\"5 fa\u00e7ons d&#8217;obtenir des points LEED aupr\u00e8s de votre ing\u00e9nieur en structure\">\n                                      <img decoding=\"async\" src=\"https:\/\/sbsa.ca\/wp-content\/uploads\/20151002-11-340x226.jpg\" alt=\"5 fa\u00e7ons d&#8217;obtenir des points LEED aupr\u00e8s de votre ing\u00e9nieur en structure\" width=\"340\" height=\"226\" srcset=\"https:\/\/sbsa.ca\/wp-content\/uploads\/20151002-11-272x182.jpg 272w, https:\/\/sbsa.ca\/wp-content\/uploads\/20151002-11-340x226.jpg 340w, https:\/\/sbsa.ca\/wp-content\/uploads\/20151002-11-680x452.jpg 680w\" sizes=\"(max-width: 340px) 100vw, 340px\" class=\"iconhover\" style=\"display:block;\">\n                                    <\/a> \n                                  <\/div>\n                                                    <div class=\"postcontent\">\n                          <header>\n                              <a href=\"https:\/\/sbsa.ca\/fr\/5-ways-to-obtain-leed-points-from-your-structural-engineer\/\"><h5 class=\"entry-title\">5 fa\u00e7ons d&#8217;obtenir des points LEED aupr\u00e8s de votre ing\u00e9nieur en structure <\/h5><\/a>\n                               <div class=\"subhead\">\n\t    <span class=\"postauthortop author vcard\">\n    de <span><a href=\"https:\/\/sbsa.ca\/fr\/author\/admin\/\" class=\"fn\" rel=\"author\">admin<\/a><\/span>\n    <\/span><span class=\"updated postdate\">on <span class=\"postday\">27 ao\u00fbt 2018<\/span><\/span>\n    <span class=\"postcommentscount\">    with <a href=\"https:\/\/sbsa.ca\/fr\/5-ways-to-obtain-leed-points-from-your-structural-engineer\/#post_comments\">Pas de commentaire<\/a>\n    <\/span>\n    <\/div>\n                          <\/header>\n                          <div class=\"entry-content color_body\">\n                                                                    \t<p>Obtenir suffisamment de points LEED pour atteindre votre objectif n&#8217;est pas toujours facile et peut... <a href=\"https:\/\/sbsa.ca\/fr\/5-ways-to-obtain-leed-points-from-your-structural-engineer\/\">Lire la suite<\/a><\/p>\n                                   \n                              <\/div>\n                          <footer class=\"clearfix\">\n                          <\/footer>\n                        <\/div><!-- Text size -->\n              <\/div> <!-- Blog Item -->\t\t\t\t\t\t\t\t<\/div>\n\t\t\t\t\t\t\t\t\t\t\t\t\t\t<div class=\"tcol-md-3 tcol-sm-4 tcol-xs-6 tcol-ss-12 b_item kad_blog_item\">\n\t\t\t\t\t\t\t\t\t        <div id=\"post-4266\" class=\"blog_item postclass grid_item\">\n                                                  <div class=\"imghoverclass img-margin-center\">\n                                    <a href=\"https:\/\/sbsa.ca\/fr\/yaldei-developmental-center-undergoing-renovation\/\" title=\"Centre de d\u00e9veloppement Yaldei en r\u00e9novation\">\n                                      <img decoding=\"async\" src=\"https:\/\/sbsa.ca\/wp-content\/uploads\/IMG_20180718_151510-340x226.jpg\" alt=\"Centre de d\u00e9veloppement Yaldei en r\u00e9novation\" width=\"340\" height=\"226\" srcset=\"https:\/\/sbsa.ca\/wp-content\/uploads\/IMG_20180718_151510-272x182.jpg 272w, https:\/\/sbsa.ca\/wp-content\/uploads\/IMG_20180718_151510-340x226.jpg 340w, https:\/\/sbsa.ca\/wp-content\/uploads\/IMG_20180718_151510-680x452.jpg 680w\" sizes=\"(max-width: 340px) 100vw, 340px\" class=\"iconhover\" style=\"display:block;\">\n                                    <\/a> \n                                  <\/div>\n                                                    <div class=\"postcontent\">\n                          <header>\n                              <a href=\"https:\/\/sbsa.ca\/fr\/yaldei-developmental-center-undergoing-renovation\/\"><h5 class=\"entry-title\">Centre de d\u00e9veloppement Yaldei en r\u00e9novation <\/h5><\/a>\n                               <div class=\"subhead\">\n\t    <span class=\"postauthortop author vcard\">\n    de <span><a href=\"https:\/\/sbsa.ca\/fr\/author\/admin\/\" class=\"fn\" rel=\"author\">admin<\/a><\/span>\n    <\/span><span class=\"updated postdate\">on <span class=\"postday\">15 ao\u00fbt 2018<\/span><\/span>\n    <span class=\"postcommentscount\">    with <a href=\"https:\/\/sbsa.ca\/fr\/yaldei-developmental-center-undergoing-renovation\/#post_comments\">Pas de commentaire<\/a>\n    <\/span>\n    <\/div>\n                          <\/header>\n                          <div class=\"entry-content color_body\">\n                                                                    \t<p>La portion des travaux en structure au Centre de d\u00e9veloppement Yaldei est presque compl\u00e9t\u00e9e; apprenez... <a href=\"https:\/\/sbsa.ca\/fr\/yaldei-developmental-center-undergoing-renovation\/\">Lire la suite<\/a><\/p>\n                                   \n                              <\/div>\n                          <footer class=\"clearfix\">\n                          <\/footer>\n                        <\/div><!-- Text size -->\n              <\/div> <!-- Blog Item -->\t\t\t\t\t\t\t\t<\/div>\n\t\t\t\t\t\t\t\t\t\t\t\t\t\t<div class=\"tcol-md-3 tcol-sm-4 tcol-xs-6 tcol-ss-12 b_item kad_blog_item\">\n\t\t\t\t\t\t\t\t\t        <div id=\"post-3789\" class=\"blog_item postclass grid_item\">\n                                                  <div class=\"imghoverclass img-margin-center\">\n                                    <a href=\"https:\/\/sbsa.ca\/fr\/home2suites-in-construction\/\" title=\"Home2 Suites par Hilton en construction\">\n                                      <img decoding=\"async\" src=\"https:\/\/sbsa.ca\/wp-content\/uploads\/Home2_edited-340x226.jpg\" alt=\"Home2 Suites par Hilton en construction\" width=\"340\" height=\"226\" srcset=\"https:\/\/sbsa.ca\/wp-content\/uploads\/Home2_edited-272x182.jpg 272w, https:\/\/sbsa.ca\/wp-content\/uploads\/Home2_edited-340x226.jpg 340w, https:\/\/sbsa.ca\/wp-content\/uploads\/Home2_edited-680x452.jpg 680w\" sizes=\"(max-width: 340px) 100vw, 340px\" class=\"iconhover\" style=\"display:block;\">\n                                    <\/a> \n                                  <\/div>\n                                                    <div class=\"postcontent\">\n                          <header>\n                              <a href=\"https:\/\/sbsa.ca\/fr\/home2suites-in-construction\/\"><h5 class=\"entry-title\">Home2 Suites par Hilton en construction <\/h5><\/a>\n                               <div class=\"subhead\">\n\t    <span class=\"postauthortop author vcard\">\n    de <span><a href=\"https:\/\/sbsa.ca\/fr\/author\/admin\/\" class=\"fn\" rel=\"author\">admin<\/a><\/span>\n    <\/span><span class=\"updated postdate\">on <span class=\"postday\">31 ao\u00fbt 2017<\/span><\/span>\n    <span class=\"postcommentscount\">    with <a href=\"https:\/\/sbsa.ca\/fr\/home2suites-in-construction\/#post_comments\">Pas de commentaire<\/a>\n    <\/span>\n    <\/div>\n                          <\/header>\n                          <div class=\"entry-content color_body\">\n                                                                    \t<p>Le Home2 Suites par Hilton \u00e0 St-Laurent, pour lequel SBSA fournit des services complets d'ing\u00e9nierie... <a href=\"https:\/\/sbsa.ca\/fr\/home2suites-in-construction\/\">Lire la suite<\/a><\/p>\n                                   \n                              <\/div>\n                          <footer class=\"clearfix\">\n                          <\/footer>\n                        <\/div><!-- Text size -->\n              <\/div> <!-- Blog Item -->\t\t\t\t\t\t\t\t<\/div>\n\t\t\t\t\t\t\t\t\t\t\t\t\t\t<div class=\"tcol-md-3 tcol-sm-4 tcol-xs-6 tcol-ss-12 b_item kad_blog_item\">\n\t\t\t\t\t\t\t\t\t        <div id=\"post-3692\" class=\"blog_item postclass grid_item\">\n                                                  <div class=\"imghoverclass img-margin-center\">\n                                    <a href=\"https:\/\/sbsa.ca\/fr\/project-mr-63-was-selected-by-the-stm\/\" title=\"Projet MR-63 s\u00e9lectionn\u00e9 par la STM\">\n                                      <img decoding=\"async\" src=\"https:\/\/sbsa.ca\/wp-content\/uploads\/MR-63-340x226.jpg\" alt=\"Projet MR-63 s\u00e9lectionn\u00e9 par la STM\" width=\"340\" height=\"226\" srcset=\"https:\/\/sbsa.ca\/wp-content\/uploads\/MR-63-272x182.jpg 272w, https:\/\/sbsa.ca\/wp-content\/uploads\/MR-63-340x226.jpg 340w, https:\/\/sbsa.ca\/wp-content\/uploads\/MR-63-680x452.jpg 680w\" sizes=\"(max-width: 340px) 100vw, 340px\" class=\"iconhover\" style=\"display:block;\">\n                                    <\/a> \n                                  <\/div>\n                                                    <div class=\"postcontent\">\n                          <header>\n                              <a href=\"https:\/\/sbsa.ca\/fr\/project-mr-63-was-selected-by-the-stm\/\"><h5 class=\"entry-title\">Projet MR-63 s\u00e9lectionn\u00e9 par la STM <\/h5><\/a>\n                               <div class=\"subhead\">\n\t    <span class=\"postauthortop author vcard\">\n    de <span><a href=\"https:\/\/sbsa.ca\/fr\/author\/admin\/\" class=\"fn\" rel=\"author\">admin<\/a><\/span>\n    <\/span><span class=\"updated postdate\">on <span class=\"postday\">16 mars 2017<\/span><\/span>\n    <span class=\"postcommentscount\">    with <a href=\"https:\/\/sbsa.ca\/fr\/project-mr-63-was-selected-by-the-stm\/#post_comments\">Pas de commentaire<\/a>\n    <\/span>\n    <\/div>\n                          <\/header>\n                          <div class=\"entry-content color_body\">\n                                                                    \t<p>Le projet MR-63 a \u00e9t\u00e9 s\u00e9lectionn\u00e9 par la STM comme l'un des 7 finalistes qui... <a href=\"https:\/\/sbsa.ca\/fr\/project-mr-63-was-selected-by-the-stm\/\">Lire la suite<\/a><\/p>\n                                   \n                              <\/div>\n                          <footer class=\"clearfix\">\n                          <\/footer>\n                        <\/div><!-- Text size -->\n              <\/div> <!-- Blog Item -->\t\t\t\t\t\t\t\t<\/div>\n\t\t\t\t\t\t\t\t\t\t\t\t\t\t<div class=\"tcol-md-3 tcol-sm-4 tcol-xs-6 tcol-ss-12 b_item kad_blog_item\">\n\t\t\t\t\t\t\t\t\t        <div id=\"post-3689\" class=\"blog_item postclass grid_item\">\n                                                  <div class=\"imghoverclass img-margin-center\">\n                                    <a href=\"https:\/\/sbsa.ca\/fr\/broccolini-corporate-center-ii-earns-leed-gold-certification\/\" title=\"Broccolini Corporate Center II obtient la certification LEED-Gold\">\n                                      <img decoding=\"async\" src=\"https:\/\/sbsa.ca\/wp-content\/uploads\/leed-hospira-340x226.jpg\" alt=\"Broccolini Corporate Center II obtient la certification LEED-Gold\" width=\"340\" height=\"226\" srcset=\"https:\/\/sbsa.ca\/wp-content\/uploads\/leed-hospira.jpg 2000w, https:\/\/sbsa.ca\/wp-content\/uploads\/leed-hospira-300x200.jpg 300w, https:\/\/sbsa.ca\/wp-content\/uploads\/leed-hospira-768x512.jpg 768w, https:\/\/sbsa.ca\/wp-content\/uploads\/leed-hospira-1024x682.jpg 1024w, https:\/\/sbsa.ca\/wp-content\/uploads\/leed-hospira-272x182.jpg 272w, https:\/\/sbsa.ca\/wp-content\/uploads\/leed-hospira-740x494.jpg 740w, https:\/\/sbsa.ca\/wp-content\/uploads\/leed-hospira-370x247.jpg 370w, https:\/\/sbsa.ca\/wp-content\/uploads\/leed-hospira-340x226.jpg 340w, https:\/\/sbsa.ca\/wp-content\/uploads\/leed-hospira-680x452.jpg 680w\" sizes=\"(max-width: 340px) 100vw, 340px\" class=\"iconhover\" style=\"display:block;\">\n                                    <\/a> \n                                  <\/div>\n                                                    <div class=\"postcontent\">\n                          <header>\n                              <a href=\"https:\/\/sbsa.ca\/fr\/broccolini-corporate-center-ii-earns-leed-gold-certification\/\"><h5 class=\"entry-title\">Broccolini Corporate Center II obtient la certification LEED-Gold <\/h5><\/a>\n                               <div class=\"subhead\">\n\t    <span class=\"postauthortop author vcard\">\n    de <span><a href=\"https:\/\/sbsa.ca\/fr\/author\/admin\/\" class=\"fn\" rel=\"author\">admin<\/a><\/span>\n    <\/span><span class=\"updated postdate\">on <span class=\"postday\">1 d\u00e9cembre 2016<\/span><\/span>\n    <span class=\"postcommentscount\">    with <a href=\"https:\/\/sbsa.ca\/fr\/broccolini-corporate-center-ii-earns-leed-gold-certification\/#post_comments\">Pas de commentaire<\/a>\n    <\/span>\n    <\/div>\n                          <\/header>\n                          <div class=\"entry-content color_body\">\n                                                                    \t<p>Le 15 novembre 2016, le b\u00e2timent Broccolini Corporate Center II, dont la soci\u00e9t\u00e9 pharmaceutique multinationale... <a href=\"https:\/\/sbsa.ca\/fr\/broccolini-corporate-center-ii-earns-leed-gold-certification\/\">Lire la suite<\/a><\/p>\n                                   \n                              <\/div>\n                          <footer class=\"clearfix\">\n                          <\/footer>\n                        <\/div><!-- Text size -->\n              <\/div> <!-- Blog Item -->\t\t\t\t\t\t\t\t<\/div>\n\t\t\t\t\t\t\t\t\t\t\t\t\t\t<div class=\"tcol-md-3 tcol-sm-4 tcol-xs-6 tcol-ss-12 b_item kad_blog_item\">\n\t\t\t\t\t\t\t\t\t        <div id=\"post-3479\" class=\"blog_item postclass grid_item\">\n                                                  <div class=\"imghoverclass img-margin-center\">\n                                    <a href=\"https:\/\/sbsa.ca\/fr\/abb-campus-in-the-news\/\" title=\"ABB DANS LES NOUVELLES\">\n                                      <img decoding=\"async\" src=\"https:\/\/sbsa.ca\/wp-content\/uploads\/abb-back-1-340x226.jpg\" alt=\"ABB DANS LES NOUVELLES\" width=\"340\" height=\"226\" srcset=\"https:\/\/sbsa.ca\/wp-content\/uploads\/abb-back-1-272x182.jpg 272w, https:\/\/sbsa.ca\/wp-content\/uploads\/abb-back-1-340x226.jpg 340w, https:\/\/sbsa.ca\/wp-content\/uploads\/abb-back-1-680x452.jpg 680w\" sizes=\"(max-width: 340px) 100vw, 340px\" class=\"iconhover\" style=\"display:block;\">\n                                    <\/a> \n                                  <\/div>\n                                                    <div class=\"postcontent\">\n                          <header>\n                              <a href=\"https:\/\/sbsa.ca\/fr\/abb-campus-in-the-news\/\"><h5 class=\"entry-title\">ABB DANS LES NOUVELLES <\/h5><\/a>\n                               <div class=\"subhead\">\n\t    <span class=\"postauthortop author vcard\">\n    de <span><a href=\"https:\/\/sbsa.ca\/fr\/author\/admin\/\" class=\"fn\" rel=\"author\">admin<\/a><\/span>\n    <\/span><span class=\"updated postdate\">on <span class=\"postday\">24 f\u00e9vrier 2016<\/span><\/span>\n    <span class=\"postcommentscount\">    with <a href=\"https:\/\/sbsa.ca\/fr\/abb-campus-in-the-news\/#post_comments\">Pas de commentaire<\/a>\n    <\/span>\n    <\/div>\n                          <\/header>\n                          <div class=\"entry-content color_body\">\n                                                                    \t<p>Le nouveau campus de Montr\u00e9al d'ABB a \u00e9t\u00e9 pr\u00e9sent\u00e9 dans la section des affaires de... <a href=\"https:\/\/sbsa.ca\/fr\/abb-campus-in-the-news\/\">Lire la suite<\/a><\/p>\n                                   \n                              <\/div>\n                          <footer class=\"clearfix\">\n                          <\/footer>\n                        <\/div><!-- Text size -->\n              <\/div> <!-- Blog Item -->\t\t\t\t\t\t\t\t<\/div>\n\t\t\t\t\t\t\t\t\t\t\t\t\t\t<div class=\"tcol-md-3 tcol-sm-4 tcol-xs-6 tcol-ss-12 b_item kad_blog_item\">\n\t\t\t\t\t\t\t\t\t        <div id=\"post-3524\" class=\"blog_item postclass grid_item\">\n                                                  <div class=\"imghoverclass img-margin-center\">\n                                    <a href=\"https:\/\/sbsa.ca\/fr\/sbsa-seneca\/\" title=\"VICTOIRE DE SBSA CONTRE SENECA PARTIE 1 DE 3\">\n                                      <img decoding=\"async\" src=\"https:\/\/sbsa.ca\/wp-content\/uploads\/SBSA-340x226.jpg\" alt=\"VICTOIRE DE SBSA CONTRE SENECA PARTIE 1 DE 3\" width=\"340\" height=\"226\" srcset=\"https:\/\/sbsa.ca\/wp-content\/uploads\/SBSA-272x182.jpg 272w, https:\/\/sbsa.ca\/wp-content\/uploads\/SBSA-340x226.jpg 340w, https:\/\/sbsa.ca\/wp-content\/uploads\/SBSA-680x452.jpg 680w\" sizes=\"(max-width: 340px) 100vw, 340px\" class=\"iconhover\" style=\"display:block;\">\n                                    <\/a> \n                                  <\/div>\n                                                    <div class=\"postcontent\">\n                          <header>\n                              <a href=\"https:\/\/sbsa.ca\/fr\/sbsa-seneca\/\"><h5 class=\"entry-title\">VICTOIRE DE SBSA CONTRE SENECA PARTIE 1 DE 3 <\/h5><\/a>\n                               <div class=\"subhead\">\n\t    <span class=\"postauthortop author vcard\">\n    de <span><a href=\"https:\/\/sbsa.ca\/fr\/author\/admin\/\" class=\"fn\" rel=\"author\">admin<\/a><\/span>\n    <\/span><span class=\"updated postdate\">on <span class=\"postday\">23 f\u00e9vrier 2016<\/span><\/span>\n    <span class=\"postcommentscount\">    with <a href=\"https:\/\/sbsa.ca\/fr\/sbsa-seneca\/#post_comments\">Pas de commentaire<\/a>\n    <\/span>\n    <\/div>\n                          <\/header>\n                          <div class=\"entry-content color_body\">\n                                                                    \t<p>SBSA\u00a0gagne 5-3 contre SENECA\u00a0La partie un de trois d\u2019hockey-balle SBSA-SENECA a eu lieu \u00e0 Le... <a href=\"https:\/\/sbsa.ca\/fr\/sbsa-seneca\/\">Lire la suite<\/a><\/p>\n                                   \n                              <\/div>\n                          <footer class=\"clearfix\">\n                          <\/footer>\n                        <\/div><!-- Text size -->\n              <\/div> <!-- Blog Item -->\t\t\t\t\t\t\t\t<\/div>\n\t\t\t\t\t\t\t\t\t\t\t\t\t\t<div class=\"tcol-md-3 tcol-sm-4 tcol-xs-6 tcol-ss-12 b_item kad_blog_item\">\n\t\t\t\t\t\t\t\t\t        <div id=\"post-3528\" class=\"blog_item postclass grid_item\">\n                                                  <div class=\"imghoverclass img-margin-center\">\n                                    <a href=\"https:\/\/sbsa.ca\/fr\/atrium-wins-award-of-excellence\/\" title=\"ATRIUM REMPORTE LE PRIX D&#8217;EXCELLENCE\">\n                                      <img decoding=\"async\" src=\"https:\/\/sbsa.ca\/wp-content\/uploads\/atrium-1-340x226.jpg\" alt=\"ATRIUM REMPORTE LE PRIX D&#8217;EXCELLENCE\" width=\"340\" height=\"226\" srcset=\"https:\/\/sbsa.ca\/wp-content\/uploads\/atrium-1-272x182.jpg 272w, https:\/\/sbsa.ca\/wp-content\/uploads\/atrium-1-340x226.jpg 340w, https:\/\/sbsa.ca\/wp-content\/uploads\/atrium-1-680x452.jpg 680w\" sizes=\"(max-width: 340px) 100vw, 340px\" class=\"iconhover\" style=\"display:block;\">\n                                    <\/a> \n                                  <\/div>\n                                                    <div class=\"postcontent\">\n                          <header>\n                              <a href=\"https:\/\/sbsa.ca\/fr\/atrium-wins-award-of-excellence\/\"><h5 class=\"entry-title\">ATRIUM REMPORTE LE PRIX D&#8217;EXCELLENCE <\/h5><\/a>\n                               <div class=\"subhead\">\n\t    <span class=\"postauthortop author vcard\">\n    de <span><a href=\"https:\/\/sbsa.ca\/fr\/author\/admin\/\" class=\"fn\" rel=\"author\">admin<\/a><\/span>\n    <\/span><span class=\"updated postdate\">on <span class=\"postday\">22 f\u00e9vrier 2016<\/span><\/span>\n    <span class=\"postcommentscount\">    with <a href=\"https:\/\/sbsa.ca\/fr\/atrium-wins-award-of-excellence\/#post_comments\">Pas de commentaire<\/a>\n    <\/span>\n    <\/div>\n                          <\/header>\n                          <div class=\"entry-content color_body\">\n                                                                    \t<p>Le projet ATRIUM, dont\u00a0la structure est\u00a0compos\u00e9e d'un m\u00e9lange d'acier de construction et de charpente en... <a href=\"https:\/\/sbsa.ca\/fr\/atrium-wins-award-of-excellence\/\">Lire la suite<\/a><\/p>\n                                   \n                              <\/div>\n                          <footer class=\"clearfix\">\n                          <\/footer>\n                        <\/div><!-- Text size -->\n              <\/div> <!-- Blog Item -->\t\t\t\t\t\t\t\t<\/div>\n\t\t\t\t\t\t\t\t\t\t\t\t\t\t<div class=\"tcol-md-3 tcol-sm-4 tcol-xs-6 tcol-ss-12 b_item kad_blog_item\">\n\t\t\t\t\t\t\t\t\t        <div id=\"post-3535\" class=\"blog_item postclass grid_item\">\n                                                  <div class=\"imghoverclass img-margin-center\">\n                                    <a href=\"https:\/\/sbsa.ca\/fr\/broccolini-corporate-centre-kirkland-wins-iidex15-award\/\" title=\"BCC KIRKLAND REMPORTE \u00c0 L&#8217;IIDEX15\">\n                                      <img decoding=\"async\" src=\"https:\/\/sbsa.ca\/wp-content\/uploads\/MERK-NORD-340x226.jpg\" alt=\"BCC KIRKLAND REMPORTE \u00c0 L&#8217;IIDEX15\" width=\"340\" height=\"226\" srcset=\"https:\/\/sbsa.ca\/wp-content\/uploads\/MERK-NORD-272x182.jpg 272w, https:\/\/sbsa.ca\/wp-content\/uploads\/MERK-NORD-340x226.jpg 340w, https:\/\/sbsa.ca\/wp-content\/uploads\/MERK-NORD-680x452.jpg 680w\" sizes=\"(max-width: 340px) 100vw, 340px\" class=\"iconhover\" style=\"display:block;\">\n                                    <\/a> \n                                  <\/div>\n                                                    <div class=\"postcontent\">\n                          <header>\n                              <a href=\"https:\/\/sbsa.ca\/fr\/broccolini-corporate-centre-kirkland-wins-iidex15-award\/\"><h5 class=\"entry-title\">BCC KIRKLAND REMPORTE \u00c0 L&#8217;IIDEX15 <\/h5><\/a>\n                               <div class=\"subhead\">\n\t    <span class=\"postauthortop author vcard\">\n    de <span><a href=\"https:\/\/sbsa.ca\/fr\/author\/admin\/\" class=\"fn\" rel=\"author\">admin<\/a><\/span>\n    <\/span><span class=\"updated postdate\">on <span class=\"postday\">2 d\u00e9cembre 2015<\/span><\/span>\n    <span class=\"postcommentscount\">    with <a href=\"https:\/\/sbsa.ca\/fr\/broccolini-corporate-centre-kirkland-wins-iidex15-award\/#post_comments\">Pas de commentaire<\/a>\n    <\/span>\n    <\/div>\n                          <\/header>\n                          <div class=\"entry-content color_body\">\n                                                                    \t<p>SBSA a effectu\u00e9 la conception structurelle du nouveau si\u00e8ge social de Montr\u00e9al de Broccolini -... <a href=\"https:\/\/sbsa.ca\/fr\/broccolini-corporate-centre-kirkland-wins-iidex15-award\/\">Lire la suite<\/a><\/p>\n                                   \n                              <\/div>\n                          <footer class=\"clearfix\">\n                          <\/footer>\n                        <\/div><!-- Text size -->\n              <\/div> <!-- Blog Item -->\t\t\t\t\t\t\t\t<\/div>\n\t\t\t\t\t\t\t\t\t\t   <\/div>\n\t\t\t<\/div>\n\t\t\t<div class=\"clearfix\"><\/div>\n\t\t\t<a id=\"prevport-24\" class=\"prev_carousel kt-icon-arrow-left\" href=\"#\"><\/a>\n\t\t\t<a id=\"nextport-24\" class=\"next_carousel kt-icon-arrow-right\" href=\"#\"><\/a>\n\t\t<\/div>\n\t<\/div>\n\t<\/div>\n    <\/div><\/div><\/div><div id=\"pg-3477-1\"  class=\"panel-grid panel-has-style\"  style=\"margin-bottom: 0px\" ><div class=\"siteorigin-panels-stretch kt-panel-row-stretch panel-widget-style panel-row-style panel-row-style-for-3477-1\" style=\"padding: 0px 0px 0px 0px;visibility: hidden;\" data-stretch-type=\"full\" ><div id=\"pgc-3477-1-0\"  class=\"panel-grid-cell panel-grid-cell-empty\" ><\/div><\/div><\/div><div id=\"pg-3477-2\"  class=\"panel-grid panel-has-style\"  style=\"margin-bottom: 0px\" ><div class=\"siteorigin-panels-stretch kt-panel-row-stretch panel-widget-style panel-row-style panel-row-style-for-3477-2\" style=\"padding: 0px 0px 0px 0px;visibility: hidden;\" data-stretch-type=\"full\" ><div id=\"pgc-3477-2-0\"  class=\"panel-grid-cell panel-grid-cell-empty\" ><\/div><div id=\"pgc-3477-2-1\"  class=\"panel-grid-cell panel-grid-cell-empty panel-grid-cell-mobile-last\" ><\/div><div id=\"pgc-3477-2-2\"  class=\"panel-grid-cell panel-grid-cell-empty\" ><\/div><\/div><\/div><div id=\"pg-3477-3\"  class=\"panel-grid panel-has-style\"  style=\"margin-bottom: 0px\" ><div class=\"siteorigin-panels-stretch kt-panel-row-stretch panel-widget-style panel-row-style panel-row-style-for-3477-3\" style=\"padding: 0px 0px 0px 0px;visibility: hidden;border-top-color: #f7f7f7; \" data-stretch-type=\"full\" ><div id=\"pgc-3477-3-0\"  class=\"panel-grid-cell panel-grid-cell-empty\" ><\/div><\/div><\/div><div id=\"pg-3477-4\"  class=\"panel-grid panel-has-style\"  style=\"margin-bottom: 0px\" ><div class=\"siteorigin-panels-stretch kt-panel-row-stretch panel-widget-style panel-row-style panel-row-style-for-3477-4\" style=\"padding: 0px 0px 0px 0px;visibility: hidden;border-top-color: #f7f7f7; border-bottom-color: #f7f7f7; \" data-stretch-type=\"full\" ><div id=\"pgc-3477-4-0\"  class=\"panel-grid-cell panel-grid-cell-empty\" ><\/div><\/div><\/div><\/div>","protected":false},"excerpt":{"rendered":"<p>Nouvelles Restez \u00e0 jour avec toutes les derni\u00e8res nouvelles sur nos projets.<\/p>\n","protected":false},"author":3,"featured_media":0,"parent":0,"menu_order":0,"comment_status":"closed","ping_status":"closed","template":"template-pagebuilder.php","meta":{"_monsterinsights_skip_tracking":false,"_monsterinsights_sitenote_active":false,"_monsterinsights_sitenote_note":"","_monsterinsights_sitenote_category":0,"footnotes":""},"class_list":["post-3477","page","type-page","status-publish","hentry"],"_links":{"self":[{"href":"https:\/\/sbsa.ca\/fr\/wp-json\/wp\/v2\/pages\/3477","targetHints":{"allow":["GET"]}}],"collection":[{"href":"https:\/\/sbsa.ca\/fr\/wp-json\/wp\/v2\/pages"}],"about":[{"href":"https:\/\/sbsa.ca\/fr\/wp-json\/wp\/v2\/types\/page"}],"author":[{"embeddable":true,"href":"https:\/\/sbsa.ca\/fr\/wp-json\/wp\/v2\/users\/3"}],"replies":[{"embeddable":true,"href":"https:\/\/sbsa.ca\/fr\/wp-json\/wp\/v2\/comments?post=3477"}],"version-history":[{"count":2,"href":"https:\/\/sbsa.ca\/fr\/wp-json\/wp\/v2\/pages\/3477\/revisions"}],"predecessor-version":[{"id":4508,"href":"https:\/\/sbsa.ca\/fr\/wp-json\/wp\/v2\/pages\/3477\/revisions\/4508"}],"wp:attachment":[{"href":"https:\/\/sbsa.ca\/fr\/wp-json\/wp\/v2\/media?parent=3477"}],"curies":[{"name":"wp","href":"https:\/\/api.w.org\/{rel}","templated":true}]}}